{"id":2005,"date":"2014-05-16T14:18:50","date_gmt":"2014-05-16T12:18:50","guid":{"rendered":"https:\/\/www.euroakademie.de\/magazin\/?page_id=2005"},"modified":"2024-09-25T16:10:32","modified_gmt":"2024-09-25T14:10:32","slug":"paedagogik-soziales","status":"publish","type":"page","link":"https:\/\/www.euroakademie.de\/magazin\/paedagogik-soziales\/","title":{"rendered":"P\u00e4dagogik &amp; Soziales"},"content":{"rendered":"\t\t<div data-elementor-type=\"wp-page\" data-elementor-id=\"2005\" class=\"elementor elementor-2005\">\n\t\t\t\t\t\t<section class=\"has-el-gap el-gap-default elementor-section elementor-top-section elementor-element elementor-element-f264f60 elementor-section-boxed elementor-section-height-default elementor-section-height-default\" data-id=\"f264f60\" data-element_type=\"section\">\n\t\t\t\t\t\t<div class=\"elementor-container elementor-column-gap-no\">\n\t\t\t\t\t<div class=\"elementor-column elementor-col-100 elementor-top-column elementor-element elementor-element-a99c8cc\" data-id=\"a99c8cc\" data-element_type=\"column\">\n\t\t\t<div class=\"elementor-widget-wrap elementor-element-populated\">\n\t\t\t\t\t\t<div class=\"elementor-element elementor-element-c9bdeef elementor-widget elementor-widget-text-editor\" data-id=\"c9bdeef\" data-element_type=\"widget\" data-widget_type=\"text-editor.default\">\n\t\t\t\t<div class=\"elementor-widget-container\">\n\t\t\t<style>\/*! elementor - v3.22.0 - 26-06-2024 *\/\n.elementor-widget-text-editor.elementor-drop-cap-view-stacked .elementor-drop-cap{background-color:#69727d;color:#fff}.elementor-widget-text-editor.elementor-drop-cap-view-framed .elementor-drop-cap{color:#69727d;border:3px solid;background-color:transparent}.elementor-widget-text-editor:not(.elementor-drop-cap-view-default) .elementor-drop-cap{margin-top:8px}.elementor-widget-text-editor:not(.elementor-drop-cap-view-default) .elementor-drop-cap-letter{width:1em;height:1em}.elementor-widget-text-editor .elementor-drop-cap{float:left;text-align:center;line-height:1;font-size:50px}.elementor-widget-text-editor .elementor-drop-cap-letter{display:inline-block}<\/style>\t\t\t\t<p>Du willst alles \u00fcber die Ausbildungen im Fachbereich P\u00e4dagogik &amp; Soziales wissen, deine Karrierem\u00f6glichkeiten kennenlernen und erfahren, was unsere Auszubildenden \u00fcber ihren Schulalltag sagen? Hier lang:<br \/><br \/><\/p>\t\t\t\t\t\t<\/div>\n\t\t\t\t<\/div>\n\t\t\t\t\t<\/div>\n\t\t<\/div>\n\t\t\t\t\t<\/div>\n\t\t<\/section>\n\t\t\t\t<section class=\"has-el-gap el-gap-default elementor-section elementor-top-section elementor-element elementor-element-ff296c7 elementor-section-boxed elementor-section-height-default elementor-section-height-default\" data-id=\"ff296c7\" data-element_type=\"section\">\n\t\t\t\t\t\t<div class=\"elementor-container elementor-column-gap-no\">\n\t\t\t\t\t<div class=\"elementor-column elementor-col-100 elementor-top-column elementor-element elementor-element-4762843\" data-id=\"4762843\" data-element_type=\"column\">\n\t\t\t<div class=\"elementor-widget-wrap elementor-element-populated\">\n\t\t\t\t\t\t<div class=\"elementor-element elementor-element-1c877d6 elementor-widget elementor-widget-button\" data-id=\"1c877d6\" data-element_type=\"widget\" data-widget_type=\"button.default\">\n\t\t\t\t<div class=\"elementor-widget-container\">\n\t\t\t\t\t<div class=\"elementor-button-wrapper\">\n\t\t\t<a class=\"elementor-button elementor-button-link elementor-size-sm\" href=\"https:\/\/www.euroakademie.de\/bildungsangebote\/paedagogik-soziales\">\n\t\t\t\t\t\t<span class=\"elementor-button-content-wrapper\">\n\t\t\t\t\t\t\t\t\t<span class=\"elementor-button-text\">Fachbereich P\u00e4dagogik & Soziales<\/span>\n\t\t\t\t\t<\/span>\n\t\t\t\t\t<\/a>\n\t\t<\/div>\n\t\t\t\t<\/div>\n\t\t\t\t<\/div>\n\t\t\t\t\t<\/div>\n\t\t<\/div>\n\t\t\t\t\t<\/div>\n\t\t<\/section>\n\t\t\t\t<section class=\"has-el-gap el-gap-default elementor-section elementor-top-section elementor-element elementor-element-62ff0dc elementor-section-boxed elementor-section-height-default elementor-section-height-default\" data-id=\"62ff0dc\" data-element_type=\"section\">\n\t\t\t\t\t\t<div class=\"elementor-container elementor-column-gap-no\">\n\t\t\t\t\t<div class=\"elementor-column elementor-col-100 elementor-top-column elementor-element elementor-element-e3be627\" data-id=\"e3be627\" data-element_type=\"column\">\n\t\t\t<div class=\"elementor-widget-wrap elementor-element-populated\">\n\t\t\t\t\t\t<div class=\"elementor-element elementor-element-44f4ad8 elementor-widget elementor-widget-spacer\" data-id=\"44f4ad8\" data-element_type=\"widget\" data-widget_type=\"spacer.default\">\n\t\t\t\t<div class=\"elementor-widget-container\">\n\t\t\t<style>\/*! elementor - v3.22.0 - 26-06-2024 *\/\n.elementor-column .elementor-spacer-inner{height:var(--spacer-size)}.e-con{--container-widget-width:100%}.e-con-inner>.elementor-widget-spacer,.e-con>.elementor-widget-spacer{width:var(--container-widget-width,var(--spacer-size));--align-self:var(--container-widget-align-self,initial);--flex-shrink:0}.e-con-inner>.elementor-widget-spacer>.elementor-widget-container,.e-con>.elementor-widget-spacer>.elementor-widget-container{height:100%;width:100%}.e-con-inner>.elementor-widget-spacer>.elementor-widget-container>.elementor-spacer,.e-con>.elementor-widget-spacer>.elementor-widget-container>.elementor-spacer{height:100%}.e-con-inner>.elementor-widget-spacer>.elementor-widget-container>.elementor-spacer>.elementor-spacer-inner,.e-con>.elementor-widget-spacer>.elementor-widget-container>.elementor-spacer>.elementor-spacer-inner{height:var(--container-widget-height,var(--spacer-size))}.e-con-inner>.elementor-widget-spacer.elementor-widget-empty,.e-con>.elementor-widget-spacer.elementor-widget-empty{position:relative;min-height:22px;min-width:22px}.e-con-inner>.elementor-widget-spacer.elementor-widget-empty .elementor-widget-empty-icon,.e-con>.elementor-widget-spacer.elementor-widget-empty .elementor-widget-empty-icon{position:absolute;top:0;bottom:0;left:0;right:0;margin:auto;padding:0;width:22px;height:22px}<\/style>\t\t<div class=\"elementor-spacer\">\n\t\t\t<div class=\"elementor-spacer-inner\"><\/div>\n\t\t<\/div>\n\t\t\t\t<\/div>\n\t\t\t\t<\/div>\n\t\t\t\t\t<\/div>\n\t\t<\/div>\n\t\t\t\t\t<\/div>\n\t\t<\/section>\n\t\t\t\t<section class=\"has-el-gap el-gap-default elementor-section elementor-top-section elementor-element elementor-element-f1c4bc3 elementor-section-boxed elementor-section-height-default elementor-section-height-default\" data-id=\"f1c4bc3\" data-element_type=\"section\">\n\t\t\t\t\t\t<div class=\"elementor-container elementor-column-gap-no\">\n\t\t\t\t\t<div class=\"elementor-column elementor-col-100 elementor-top-column elementor-element elementor-element-4ab4834\" data-id=\"4ab4834\" data-element_type=\"column\">\n\t\t\t<div class=\"elementor-widget-wrap elementor-element-populated\">\n\t\t\t\t\t\t<div class=\"elementor-element elementor-element-c7a7108 elementor-widget elementor-widget-smartmag-overlay\" data-id=\"c7a7108\" data-element_type=\"widget\" data-widget_type=\"smartmag-overlay.default\">\n\t\t\t\t<div class=\"elementor-widget-container\">\n\t\t\t\t\t<section class=\"block-wrap block-overlay block-sc cols-gap-sm\" data-id=\"1\" data-block=\"{&quot;id&quot;:&quot;overlay&quot;,&quot;props&quot;:{&quot;cat_labels&quot;:1,&quot;cat_labels_pos&quot;:&quot;bot-left&quot;,&quot;reviews&quot;:&quot;stars&quot;,&quot;post_formats_pos&quot;:&quot;center&quot;,&quot;load_more_style&quot;:&quot;a&quot;,&quot;meta_cat_style&quot;:&quot;labels&quot;,&quot;media_style_shadow&quot;:0,&quot;meta_sponsor&quot;:1,&quot;meta_sponsor_logo&quot;:0,&quot;meta_sponsor_label&quot;:&quot;Sponsor: {sponsor}&quot;,&quot;meta_above&quot;:[],&quot;meta_below&quot;:[&quot;author&quot;,&quot;date&quot;],&quot;meta_sponsor_above&quot;:[],&quot;meta_sponsor_below&quot;:[&quot;sponsor&quot;,&quot;date&quot;],&quot;media_ratio&quot;:&quot;&quot;,&quot;media_ratio_custom&quot;:&quot;&quot;,&quot;read_more&quot;:&quot;&quot;,&quot;content_center&quot;:0,&quot;title_style&quot;:null,&quot;excerpts&quot;:false,&quot;column_gap&quot;:&quot;sm&quot;,&quot;posts&quot;:6,&quot;pagination&quot;:&quot;1&quot;,&quot;container_width&quot;:66,&quot;terms&quot;:[&quot;19&quot;],&quot;pagination_links&quot;:null,&quot;meta_sponsor_items_default&quot;:true,&quot;query_type&quot;:&quot;custom&quot;,&quot;sort_days&quot;:null,&quot;carousel_dots&quot;:null,&quot;is_sc_call&quot;:true,&quot;meta_items_default&quot;:true}}\">\n\n\t\t\t\t\n\t\t\t<div class=\"block-content\">\n\t\t\t\t\t\n\t<div class=\"loop loop-overlay grid grid-2 md:grid-2 xs:grid-1\">\n\n\t\t\t\n\t\t\t\n<article class=\"l-post grid-overlay overlay-post grid-overlay-a overlay-base-post\">\n\n\t\n\t\t\t<div class=\"media\">\n\n\t\t\n\t\t\t<a href=\"https:\/\/www.euroakademie.de\/magazin\/trauma-verarbeiten-regulation-ressourcen-selbstfursorge\/\" class=\"image-link media-ratio ratio-4-3\" title=\"Trauma verarbeiten: Wie du Regulation, Ressourcen und Selbstf\u00fcrsorge st\u00e4rkst (Teil 2)\"><img fetchpriority=\"high\" decoding=\"async\" width=\"377\" height=\"283\" src=\"https:\/\/www.euroakademie.de\/magazin\/wp-content\/uploads\/2026\/04\/shutterstock_1186068343_Max4e-Photo-450x300.jpg\" class=\"attachment-bunyad-medium size-bunyad-medium wp-post-image\" alt=\"Silhouette eines Frauenkopfs im Profil, darin ist eine strahlende Sonne hinter einem Baum zu sehen und alles ist in warmes Licht getaucht.\" sizes=\"(max-width: 377px) 100vw, 377px\" title=\"Trauma verarbeiten: Wie du Regulation, Ressourcen und Selbstf\u00fcrsorge st\u00e4rkst (Teil 2)\" srcset=\"https:\/\/www.euroakademie.de\/magazin\/wp-content\/uploads\/2026\/04\/shutterstock_1186068343_Max4e-Photo-450x300.jpg 450w, https:\/\/www.euroakademie.de\/magazin\/wp-content\/uploads\/2026\/04\/shutterstock_1186068343_Max4e-Photo-500x333.jpg 500w, https:\/\/www.euroakademie.de\/magazin\/wp-content\/uploads\/2026\/04\/shutterstock_1186068343_Max4e-Photo-703x469.jpg 703w, https:\/\/www.euroakademie.de\/magazin\/wp-content\/uploads\/2026\/04\/shutterstock_1186068343_Max4e-Photo-768x512.jpg 768w, https:\/\/www.euroakademie.de\/magazin\/wp-content\/uploads\/2026\/04\/shutterstock_1186068343_Max4e-Photo-1536x1024.jpg 1536w, https:\/\/www.euroakademie.de\/magazin\/wp-content\/uploads\/2026\/04\/shutterstock_1186068343_Max4e-Photo-2048x1365.jpg 2048w, https:\/\/www.euroakademie.de\/magazin\/wp-content\/uploads\/2026\/04\/shutterstock_1186068343_Max4e-Photo-1200x800.jpg 1200w\" \/><\/a>\t\t\t\n\t\t\t\n\t\t\t\n\t\t\t\t\t\t\t\n\t\t\t\t<span class=\"cat-labels cat-labels-overlay c-overlay p-top-left\">\n\t\t\t\t<a href=\"https:\/\/www.euroakademie.de\/magazin\/category\/allgemein\/\" class=\"category term-color-1\" rel=\"category\">Allgemein<\/a>\n\t\t\t<\/span>\n\t\t\t\t\t\t\n\t\t\t\n\t\t\n\t\t<\/div>\n\t\n\n\t\t\t<div class=\"content-wrap\">\n\t\n\t\t<div class=\"content\">\n\n\t\t\t<div class=\"post-meta post-meta-a meta-contrast has-below\"><h2 class=\"is-title post-title\"><a href=\"https:\/\/www.euroakademie.de\/magazin\/trauma-verarbeiten-regulation-ressourcen-selbstfursorge\/\">Trauma verarbeiten: Wie du Regulation, Ressourcen und Selbstf\u00fcrsorge st\u00e4rkst (Teil 2)<\/a><\/h2><div class=\"post-meta-items meta-below\"><span class=\"meta-item post-author\"><span class=\"by\">By<\/span> <a href=\"https:\/\/www.euroakademie.de\/magazin\/author\/liebm\/\" title=\"Beitr\u00e4ge von Dr. Melina Lieb\" rel=\"author\">Dr. Melina Lieb<\/a><\/span><span class=\"meta-item date\"><span class=\"date-link\"><time class=\"post-date\" datetime=\"2026-04-16T14:48:11+02:00\">16. April 2026<\/time><\/span><\/span><\/div><\/div>\t\t\t\n\t\t\t\n\t\t\t\n\t\t<\/div>\n\n\t\t\t<\/div>\n\t\n<\/article>\n\t\t\t\n\t\t\t\n<article class=\"l-post grid-overlay overlay-post grid-overlay-a overlay-base-post\">\n\n\t\n\t\t\t<div class=\"media\">\n\n\t\t\n\t\t\t<a href=\"https:\/\/www.euroakademie.de\/magazin\/hier-wirst-du-gebraucht-die-ausbildung-zur-kinderpflegerin\/\" class=\"image-link media-ratio ratio-4-3\" title=\"Hier wirst du gebraucht: Die Ausbildung zum*r Kinderpfleger*in\"><img decoding=\"async\" width=\"377\" height=\"283\" src=\"https:\/\/www.euroakademie.de\/magazin\/wp-content\/uploads\/2026\/04\/Kinderpfleger-staatlich-geprueft_Shutterstock-oliveromg-450x338.jpg\" class=\"attachment-bunyad-medium size-bunyad-medium wp-post-image\" alt=\"Ein kleines M\u00e4dchen h\u00e4lt einem Kinderpfleger zwei kleine bunte B\u00e4lle vor die Augen.\" sizes=\"(max-width: 377px) 100vw, 377px\" title=\"Hier wirst du gebraucht: Die Ausbildung zum*r Kinderpfleger*in\" srcset=\"https:\/\/www.euroakademie.de\/magazin\/wp-content\/uploads\/2026\/04\/Kinderpfleger-staatlich-geprueft_Shutterstock-oliveromg-450x338.jpg 450w, https:\/\/www.euroakademie.de\/magazin\/wp-content\/uploads\/2026\/04\/Kinderpfleger-staatlich-geprueft_Shutterstock-oliveromg-444x333.jpg 444w, https:\/\/www.euroakademie.de\/magazin\/wp-content\/uploads\/2026\/04\/Kinderpfleger-staatlich-geprueft_Shutterstock-oliveromg-625x469.jpg 625w, https:\/\/www.euroakademie.de\/magazin\/wp-content\/uploads\/2026\/04\/Kinderpfleger-staatlich-geprueft_Shutterstock-oliveromg-768x576.jpg 768w, https:\/\/www.euroakademie.de\/magazin\/wp-content\/uploads\/2026\/04\/Kinderpfleger-staatlich-geprueft_Shutterstock-oliveromg-150x113.jpg 150w, https:\/\/www.euroakademie.de\/magazin\/wp-content\/uploads\/2026\/04\/Kinderpfleger-staatlich-geprueft_Shutterstock-oliveromg.jpg 1200w\" \/><\/a>\t\t\t\n\t\t\t\n\t\t\t\n\t\t\t\t\t\t\t\n\t\t\t\t<span class=\"cat-labels cat-labels-overlay c-overlay p-top-left\">\n\t\t\t\t<a href=\"https:\/\/www.euroakademie.de\/magazin\/category\/top-themen\/ausbildung-des-monats\/\" class=\"category term-color-67\" rel=\"category\">Ausbildungen im Portrait<\/a>\n\t\t\t<\/span>\n\t\t\t\t\t\t\n\t\t\t\n\t\t\n\t\t<\/div>\n\t\n\n\t\t\t<div class=\"content-wrap\">\n\t\n\t\t<div class=\"content\">\n\n\t\t\t<div class=\"post-meta post-meta-a meta-contrast has-below\"><h2 class=\"is-title post-title\"><a href=\"https:\/\/www.euroakademie.de\/magazin\/hier-wirst-du-gebraucht-die-ausbildung-zur-kinderpflegerin\/\">Hier wirst du gebraucht: Die Ausbildung zum*r Kinderpfleger*in<\/a><\/h2><div class=\"post-meta-items meta-below\"><span class=\"meta-item post-author\"><span class=\"by\">By<\/span> <a href=\"https:\/\/www.euroakademie.de\/magazin\/author\/liebm\/\" title=\"Beitr\u00e4ge von Dr. Melina Lieb\" rel=\"author\">Dr. Melina Lieb<\/a><\/span><span class=\"meta-item date\"><span class=\"date-link\"><time class=\"post-date\" datetime=\"2026-04-07T09:53:06+02:00\">7. April 2026<\/time><\/span><\/span><\/div><\/div>\t\t\t\n\t\t\t\n\t\t\t\n\t\t<\/div>\n\n\t\t\t<\/div>\n\t\n<\/article>\n\t\t\t\n\t\t\t\n<article class=\"l-post grid-overlay overlay-post grid-overlay-a overlay-base-post\">\n\n\t\n\t\t\t<div class=\"media\">\n\n\t\t\n\t\t\t<a href=\"https:\/\/www.euroakademie.de\/magazin\/diesmal-kein-kinderbuchklassiker-in-der-kritik-der-tag-an-dem-die-oma-das-internet-kaputt-gemacht-hat\/\" class=\"image-link media-ratio ratio-4-3\" title=\"Der Tag, an dem die Oma das Internet kaputt gemacht hat\"><img decoding=\"async\" width=\"377\" height=\"283\" src=\"https:\/\/www.euroakademie.de\/magazin\/wp-content\/uploads\/2025\/06\/ea_tbb_rezensionen_2215287199_1000x667-450x300.jpg\" class=\"attachment-bunyad-medium size-bunyad-medium wp-post-image\" alt=\"Ein kleiner Junge mit dunklen, kurzen Haaren und einem geringelten Langarmshirt steht vor einer rosafarbenen Wand. Er h\u00e4lt in der linken Hand ein Buch, mit der rechten Hand greift er seine Nickelbrille am Gestell.\" sizes=\"(max-width: 377px) 100vw, 377px\" title=\"Der Tag, an dem die Oma das Internet kaputt gemacht hat\" srcset=\"https:\/\/www.euroakademie.de\/magazin\/wp-content\/uploads\/2025\/06\/ea_tbb_rezensionen_2215287199_1000x667-450x300.jpg 450w, https:\/\/www.euroakademie.de\/magazin\/wp-content\/uploads\/2025\/06\/ea_tbb_rezensionen_2215287199_1000x667-500x333.jpg 500w, https:\/\/www.euroakademie.de\/magazin\/wp-content\/uploads\/2025\/06\/ea_tbb_rezensionen_2215287199_1000x667-703x469.jpg 703w, https:\/\/www.euroakademie.de\/magazin\/wp-content\/uploads\/2025\/06\/ea_tbb_rezensionen_2215287199_1000x667-768x512.jpg 768w, https:\/\/www.euroakademie.de\/magazin\/wp-content\/uploads\/2025\/06\/ea_tbb_rezensionen_2215287199_1000x667.jpg 1000w\" \/><\/a>\t\t\t\n\t\t\t\n\t\t\t\n\t\t\t\t\t\t\t\n\t\t\t\t<span class=\"cat-labels cat-labels-overlay c-overlay p-top-left\">\n\t\t\t\t<a href=\"https:\/\/www.euroakademie.de\/magazin\/category\/fachbereiche\/paedagogik-soziales\/\" class=\"category term-color-19\" rel=\"category\">P\u00e4dagogik &amp; Soziales<\/a>\n\t\t\t<\/span>\n\t\t\t\t\t\t\n\t\t\t\n\t\t\n\t\t<\/div>\n\t\n\n\t\t\t<div class=\"content-wrap\">\n\t\n\t\t<div class=\"content\">\n\n\t\t\t<div class=\"post-meta post-meta-a meta-contrast has-below\"><h2 class=\"is-title post-title\"><a href=\"https:\/\/www.euroakademie.de\/magazin\/diesmal-kein-kinderbuchklassiker-in-der-kritik-der-tag-an-dem-die-oma-das-internet-kaputt-gemacht-hat\/\">Der Tag, an dem die Oma das Internet kaputt gemacht hat<\/a><\/h2><div class=\"post-meta-items meta-below\"><span class=\"meta-item post-author\"><span class=\"by\">By<\/span> <a href=\"https:\/\/www.euroakademie.de\/magazin\/author\/nadine-elbert\/\" title=\"Beitr\u00e4ge von Nadine Elbert\" rel=\"author\">Nadine Elbert<\/a><\/span><span class=\"meta-item date\"><span class=\"date-link\"><time class=\"post-date\" datetime=\"2025-06-26T08:00:00+02:00\">26. Juni 2025<\/time><\/span><\/span><\/div><\/div>\t\t\t\n\t\t\t\n\t\t\t\n\t\t<\/div>\n\n\t\t\t<\/div>\n\t\n<\/article>\n\t\t\t\n\t\t\t\n<article class=\"l-post grid-overlay overlay-post grid-overlay-a overlay-base-post\">\n\n\t\n\t\t\t<div class=\"media\">\n\n\t\t\n\t\t\t<a href=\"https:\/\/www.euroakademie.de\/magazin\/kinderbuchklassiker-in-der-kritik-ronja-raeubertochter\/\" class=\"image-link media-ratio ratio-4-3\" title=\"Kinderbuchklassiker in der Kritik: Ronja R\u00e4ubertochter\"><img loading=\"lazy\" decoding=\"async\" width=\"377\" height=\"283\" src=\"https:\/\/www.euroakademie.de\/magazin\/wp-content\/uploads\/2025\/06\/ea_tbb_rezensionen__2249405763_10000x667-450x300.jpg\" class=\"attachment-bunyad-medium size-bunyad-medium wp-post-image\" alt=\"Ein kleines M\u00e4dchen in einem bunt gestreiften Kleid h\u00e4lt ein lila Buch in der Hand, das farblich mit dem Hintergrund harmoniert. Sie hat Augen und Mund weit aufgerissen, sodass man ihre Zahnl\u00fccken gut erkennt. In ihre glatten, braunen Haare ist eine bunte Str\u00e4hne eingeflochten.\" sizes=\"(max-width: 377px) 100vw, 377px\" title=\"Kinderbuchklassiker in der Kritik: Ronja R\u00e4ubertochter\" srcset=\"https:\/\/www.euroakademie.de\/magazin\/wp-content\/uploads\/2025\/06\/ea_tbb_rezensionen__2249405763_10000x667-450x300.jpg 450w, https:\/\/www.euroakademie.de\/magazin\/wp-content\/uploads\/2025\/06\/ea_tbb_rezensionen__2249405763_10000x667-500x333.jpg 500w, https:\/\/www.euroakademie.de\/magazin\/wp-content\/uploads\/2025\/06\/ea_tbb_rezensionen__2249405763_10000x667-703x469.jpg 703w, https:\/\/www.euroakademie.de\/magazin\/wp-content\/uploads\/2025\/06\/ea_tbb_rezensionen__2249405763_10000x667-768x512.jpg 768w, https:\/\/www.euroakademie.de\/magazin\/wp-content\/uploads\/2025\/06\/ea_tbb_rezensionen__2249405763_10000x667.jpg 1000w\" \/><\/a>\t\t\t\n\t\t\t\n\t\t\t\n\t\t\t\t\t\t\t\n\t\t\t\t<span class=\"cat-labels cat-labels-overlay c-overlay p-top-left\">\n\t\t\t\t<a href=\"https:\/\/www.euroakademie.de\/magazin\/category\/fachbereiche\/paedagogik-soziales\/\" class=\"category term-color-19\" rel=\"category\">P\u00e4dagogik &amp; Soziales<\/a>\n\t\t\t<\/span>\n\t\t\t\t\t\t\n\t\t\t\n\t\t\n\t\t<\/div>\n\t\n\n\t\t\t<div class=\"content-wrap\">\n\t\n\t\t<div class=\"content\">\n\n\t\t\t<div class=\"post-meta post-meta-a meta-contrast has-below\"><h2 class=\"is-title post-title\"><a href=\"https:\/\/www.euroakademie.de\/magazin\/kinderbuchklassiker-in-der-kritik-ronja-raeubertochter\/\">Kinderbuchklassiker in der Kritik: Ronja R\u00e4ubertochter<\/a><\/h2><div class=\"post-meta-items meta-below\"><span class=\"meta-item post-author\"><span class=\"by\">By<\/span> <a href=\"https:\/\/www.euroakademie.de\/magazin\/author\/nadine-elbert\/\" title=\"Beitr\u00e4ge von Nadine Elbert\" rel=\"author\">Nadine Elbert<\/a><\/span><span class=\"meta-item date\"><span class=\"date-link\"><time class=\"post-date\" datetime=\"2025-06-19T08:00:00+02:00\">19. Juni 2025<\/time><\/span><\/span><\/div><\/div>\t\t\t\n\t\t\t\n\t\t\t\n\t\t<\/div>\n\n\t\t\t<\/div>\n\t\n<\/article>\n\t\t\t\n\t\t\t\n<article class=\"l-post grid-overlay overlay-post grid-overlay-a overlay-base-post\">\n\n\t\n\t\t\t<div class=\"media\">\n\n\t\t\n\t\t\t<a href=\"https:\/\/www.euroakademie.de\/magazin\/kinderbuchklassiker-in-der-kritik-momo\/\" class=\"image-link media-ratio ratio-4-3\" title=\"Kinderbuchklassiker in der Kritik: Momo\"><img loading=\"lazy\" decoding=\"async\" width=\"377\" height=\"283\" src=\"https:\/\/www.euroakademie.de\/magazin\/wp-content\/uploads\/2025\/06\/ea_tbb_rezensionen_2196396977_1000x667-450x305.jpg\" class=\"attachment-bunyad-medium size-bunyad-medium wp-post-image\" alt=\"Ein kleiner Junge mit wilden, dunklen Locken steht vor einer knallgelben Wand In der linken Hand h\u00e4lt er ein dickes, rotes Buch, mit der rechten Hand reckt er den Zeigefinger mit gespielter Strenge nach oben. Er tr\u00e4gt eine dicke, schwarze Brille und hat den Mund weit ge\u00f6ffnet. Sein Hemd mit Weste tr\u00e4gt zu dem Bild des strengen Lehrers bei.\" sizes=\"(max-width: 377px) 100vw, 377px\" title=\"Kinderbuchklassiker in der Kritik: Momo\" srcset=\"https:\/\/www.euroakademie.de\/magazin\/wp-content\/uploads\/2025\/06\/ea_tbb_rezensionen_2196396977_1000x667-450x305.jpg 450w, https:\/\/www.euroakademie.de\/magazin\/wp-content\/uploads\/2025\/06\/ea_tbb_rezensionen_2196396977_1000x667-491x333.jpg 491w, https:\/\/www.euroakademie.de\/magazin\/wp-content\/uploads\/2025\/06\/ea_tbb_rezensionen_2196396977_1000x667-692x469.jpg 692w, https:\/\/www.euroakademie.de\/magazin\/wp-content\/uploads\/2025\/06\/ea_tbb_rezensionen_2196396977_1000x667-768x521.jpg 768w, https:\/\/www.euroakademie.de\/magazin\/wp-content\/uploads\/2025\/06\/ea_tbb_rezensionen_2196396977_1000x667-150x102.jpg 150w, https:\/\/www.euroakademie.de\/magazin\/wp-content\/uploads\/2025\/06\/ea_tbb_rezensionen_2196396977_1000x667.jpg 1000w\" \/><\/a>\t\t\t\n\t\t\t\n\t\t\t\n\t\t\t\t\t\t\t\n\t\t\t\t<span class=\"cat-labels cat-labels-overlay c-overlay p-top-left\">\n\t\t\t\t<a href=\"https:\/\/www.euroakademie.de\/magazin\/category\/fachbereiche\/paedagogik-soziales\/\" class=\"category term-color-19\" rel=\"category\">P\u00e4dagogik &amp; Soziales<\/a>\n\t\t\t<\/span>\n\t\t\t\t\t\t\n\t\t\t\n\t\t\n\t\t<\/div>\n\t\n\n\t\t\t<div class=\"content-wrap\">\n\t\n\t\t<div class=\"content\">\n\n\t\t\t<div class=\"post-meta post-meta-a meta-contrast has-below\"><h2 class=\"is-title post-title\"><a href=\"https:\/\/www.euroakademie.de\/magazin\/kinderbuchklassiker-in-der-kritik-momo\/\">Kinderbuchklassiker in der Kritik: Momo<\/a><\/h2><div class=\"post-meta-items meta-below\"><span class=\"meta-item post-author\"><span class=\"by\">By<\/span> <a href=\"https:\/\/www.euroakademie.de\/magazin\/author\/nadine-elbert\/\" title=\"Beitr\u00e4ge von Nadine Elbert\" rel=\"author\">Nadine Elbert<\/a><\/span><span class=\"meta-item date\"><span class=\"date-link\"><time class=\"post-date\" datetime=\"2025-06-12T08:00:00+02:00\">12. Juni 2025<\/time><\/span><\/span><\/div><\/div>\t\t\t\n\t\t\t\n\t\t\t\n\t\t<\/div>\n\n\t\t\t<\/div>\n\t\n<\/article>\n\t\t\t\n\t\t\t\n<article class=\"l-post grid-overlay overlay-post grid-overlay-a overlay-base-post\">\n\n\t\n\t\t\t<div class=\"media\">\n\n\t\t\n\t\t\t<a href=\"https:\/\/www.euroakademie.de\/magazin\/kinderbuchklassiker-in-der-kritik-das-kleine-gespenst\/\" class=\"image-link media-ratio ratio-4-3\" title=\"Kinderbuchklassiker in der Kritik: Das kleine Gespenst\"><img loading=\"lazy\" decoding=\"async\" width=\"377\" height=\"283\" src=\"https:\/\/www.euroakademie.de\/magazin\/wp-content\/uploads\/2025\/06\/ea_tbb_rezensionen_2319691715_1000x667-450x300.jpg\" class=\"attachment-bunyad-medium size-bunyad-medium wp-post-image\" alt=\"Ein kleines M\u00e4dchen in einem bunten Sommerkleid steht vor einem hellblauen Hintergrund. Es tr\u00e4gt eine zu gro\u00dfe Brille und hat zwei Z\u00f6pfe. Das M\u00e4dchen h\u00e4lt ein Buch in der Hand und erhebt ihren rechten Zeigefinger, w\u00e4hrend sie den Mund zu einem &quot;O&quot; formt.\" sizes=\"(max-width: 377px) 100vw, 377px\" title=\"Kinderbuchklassiker in der Kritik: Das kleine Gespenst\" srcset=\"https:\/\/www.euroakademie.de\/magazin\/wp-content\/uploads\/2025\/06\/ea_tbb_rezensionen_2319691715_1000x667-450x300.jpg 450w, https:\/\/www.euroakademie.de\/magazin\/wp-content\/uploads\/2025\/06\/ea_tbb_rezensionen_2319691715_1000x667-500x333.jpg 500w, https:\/\/www.euroakademie.de\/magazin\/wp-content\/uploads\/2025\/06\/ea_tbb_rezensionen_2319691715_1000x667-703x469.jpg 703w, https:\/\/www.euroakademie.de\/magazin\/wp-content\/uploads\/2025\/06\/ea_tbb_rezensionen_2319691715_1000x667-768x512.jpg 768w, https:\/\/www.euroakademie.de\/magazin\/wp-content\/uploads\/2025\/06\/ea_tbb_rezensionen_2319691715_1000x667.jpg 1000w\" \/><\/a>\t\t\t\n\t\t\t\n\t\t\t\n\t\t\t\t\t\t\t\n\t\t\t\t<span class=\"cat-labels cat-labels-overlay c-overlay p-top-left\">\n\t\t\t\t<a href=\"https:\/\/www.euroakademie.de\/magazin\/category\/fachbereiche\/paedagogik-soziales\/\" class=\"category term-color-19\" rel=\"category\">P\u00e4dagogik &amp; Soziales<\/a>\n\t\t\t<\/span>\n\t\t\t\t\t\t\n\t\t\t\n\t\t\n\t\t<\/div>\n\t\n\n\t\t\t<div class=\"content-wrap\">\n\t\n\t\t<div class=\"content\">\n\n\t\t\t<div class=\"post-meta post-meta-a meta-contrast has-below\"><h2 class=\"is-title post-title\"><a href=\"https:\/\/www.euroakademie.de\/magazin\/kinderbuchklassiker-in-der-kritik-das-kleine-gespenst\/\">Kinderbuchklassiker in der Kritik: Das kleine Gespenst<\/a><\/h2><div class=\"post-meta-items meta-below\"><span class=\"meta-item post-author\"><span class=\"by\">By<\/span> <a href=\"https:\/\/www.euroakademie.de\/magazin\/author\/nadine-elbert\/\" title=\"Beitr\u00e4ge von Nadine Elbert\" rel=\"author\">Nadine Elbert<\/a><\/span><span class=\"meta-item date\"><span class=\"date-link\"><time class=\"post-date\" datetime=\"2025-06-05T16:11:37+02:00\">5. Juni 2025<\/time><\/span><\/span><\/div><\/div>\t\t\t\n\t\t\t\n\t\t\t\n\t\t<\/div>\n\n\t\t\t<\/div>\n\t\n<\/article>\n\t\t\n\t<\/div>\n\n\t\n\n\t<nav class=\"main-pagination pagination-numbers\" data-type=\"numbers-ajax\">\n\t\t<span aria-current=\"page\" class=\"page-numbers current\">1<\/span>\n<a class=\"page-numbers\" href=\"https:\/\/www.euroakademie.de\/magazin\/wp-json\/wp\/v2\/pages\/2005\/page\/2\/\">2<\/a>\n<a class=\"page-numbers\" href=\"https:\/\/www.euroakademie.de\/magazin\/wp-json\/wp\/v2\/pages\/2005\/page\/3\/\">3<\/a>\n<span class=\"page-numbers dots\">&hellip;<\/span>\n<a class=\"page-numbers\" href=\"https:\/\/www.euroakademie.de\/magazin\/wp-json\/wp\/v2\/pages\/2005\/page\/25\/\">25<\/a>\n<a class=\"next page-numbers\" href=\"https:\/\/www.euroakademie.de\/magazin\/wp-json\/wp\/v2\/pages\/2005\/page\/2\/\"><span class=\"visuallyhidden\">Next<\/span><i class=\"tsi tsi-angle-right\"><\/i><\/a>\t<\/nav>\n\n\n\t\n\t\t\t<\/div>\n\n\t\t<\/section>\n\t\t\t\t<\/div>\n\t\t\t\t<\/div>\n\t\t\t\t\t<\/div>\n\t\t<\/div>\n\t\t\t\t\t<\/div>\n\t\t<\/section>\n\t\t\t\t<\/div>\n\t\t","protected":false},"excerpt":{"rendered":"<p>\t\t\t\t<![CDATA[]]>\t\t<\/p>\n","protected":false},"author":1,"featured_media":0,"parent":0,"menu_order":0,"comment_status":"open","ping_status":"open","template":"page-templates\/blocks.php","meta":{"footnotes":""},"class_list":["post-2005","page","type-page","status-publish"],"yoast_head":"<!-- This site is optimized with the Yoast SEO plugin v23.5 - https:\/\/yoast.com\/wordpress\/plugins\/seo\/ -->\n<title>P\u00e4dagogik &amp; Soziales | Das Euro Akademie Magazin<\/title>\n<meta name=\"robots\" content=\"index, follow, max-snippet:-1, max-image-preview:large, max-video-preview:-1\" \/>\n<link rel=\"canonical\" href=\"https:\/\/www.euroakademie.de\/magazin\/paedagogik-soziales\/\" \/>\n<meta property=\"og:locale\" content=\"de_DE\" \/>\n<meta property=\"og:type\" content=\"article\" \/>\n<meta property=\"og:title\" content=\"P\u00e4dagogik &amp; Soziales | Das Euro Akademie Magazin\" \/>\n<meta property=\"og:url\" content=\"https:\/\/www.euroakademie.de\/magazin\/paedagogik-soziales\/\" \/>\n<meta property=\"og:site_name\" content=\"Das Euro Akademie Magazin\" \/>\n<meta property=\"article:modified_time\" content=\"2024-09-25T14:10:32+00:00\" \/>\n<meta property=\"og:image\" content=\"https:\/\/relaunch.euroakademie.de\/magazin\/wp-content\/uploads\/2024\/06\/demokratie_kita_182289449-450x215.jpg\" \/>\n<meta name=\"twitter:card\" content=\"summary_large_image\" \/>\n<meta name=\"twitter:label1\" content=\"Gesch\u00e4tzte Lesezeit\" \/>\n\t<meta name=\"twitter:data1\" content=\"1\u00a0Minute\" \/>\n<script type=\"application\/ld+json\" class=\"yoast-schema-graph\">{\"@context\":\"https:\/\/schema.org\",\"@graph\":[{\"@type\":\"WebPage\",\"@id\":\"https:\/\/www.euroakademie.de\/magazin\/paedagogik-soziales\/\",\"url\":\"https:\/\/www.euroakademie.de\/magazin\/paedagogik-soziales\/\",\"name\":\"P\u00e4dagogik & Soziales | Das Euro Akademie Magazin\",\"isPartOf\":{\"@id\":\"https:\/\/www.euroakademie.de\/magazin\/#website\"},\"primaryImageOfPage\":{\"@id\":\"https:\/\/www.euroakademie.de\/magazin\/paedagogik-soziales\/#primaryimage\"},\"image\":{\"@id\":\"https:\/\/www.euroakademie.de\/magazin\/paedagogik-soziales\/#primaryimage\"},\"thumbnailUrl\":\"https:\/\/relaunch.euroakademie.de\/magazin\/wp-content\/uploads\/2024\/06\/demokratie_kita_182289449-450x215.jpg\",\"datePublished\":\"2014-05-16T12:18:50+00:00\",\"dateModified\":\"2024-09-25T14:10:32+00:00\",\"breadcrumb\":{\"@id\":\"https:\/\/www.euroakademie.de\/magazin\/paedagogik-soziales\/#breadcrumb\"},\"inLanguage\":\"de\",\"potentialAction\":[{\"@type\":\"ReadAction\",\"target\":[\"https:\/\/www.euroakademie.de\/magazin\/paedagogik-soziales\/\"]}]},{\"@type\":\"ImageObject\",\"inLanguage\":\"de\",\"@id\":\"https:\/\/www.euroakademie.de\/magazin\/paedagogik-soziales\/#primaryimage\",\"url\":\"https:\/\/relaunch.euroakademie.de\/magazin\/wp-content\/uploads\/2024\/06\/demokratie_kita_182289449-450x215.jpg\",\"contentUrl\":\"https:\/\/relaunch.euroakademie.de\/magazin\/wp-content\/uploads\/2024\/06\/demokratie_kita_182289449-450x215.jpg\"},{\"@type\":\"BreadcrumbList\",\"@id\":\"https:\/\/www.euroakademie.de\/magazin\/paedagogik-soziales\/#breadcrumb\",\"itemListElement\":[{\"@type\":\"ListItem\",\"position\":1,\"name\":\"Startseite\",\"item\":\"https:\/\/www.euroakademie.de\/magazin\/\"},{\"@type\":\"ListItem\",\"position\":2,\"name\":\"P\u00e4dagogik &amp; Soziales\"}]},{\"@type\":\"WebSite\",\"@id\":\"https:\/\/www.euroakademie.de\/magazin\/#website\",\"url\":\"https:\/\/www.euroakademie.de\/magazin\/\",\"name\":\"Das Euro Akademie Magazin\",\"description\":\"Gut informiert durch Ausbildung und Studium\",\"publisher\":{\"@id\":\"https:\/\/www.euroakademie.de\/magazin\/#organization\"},\"potentialAction\":[{\"@type\":\"SearchAction\",\"target\":{\"@type\":\"EntryPoint\",\"urlTemplate\":\"https:\/\/www.euroakademie.de\/magazin\/?s={search_term_string}\"},\"query-input\":{\"@type\":\"PropertyValueSpecification\",\"valueRequired\":true,\"valueName\":\"search_term_string\"}}],\"inLanguage\":\"de\"},{\"@type\":\"Organization\",\"@id\":\"https:\/\/www.euroakademie.de\/magazin\/#organization\",\"name\":\"ESO Education Group\",\"url\":\"https:\/\/www.euroakademie.de\/magazin\/\",\"logo\":{\"@type\":\"ImageObject\",\"inLanguage\":\"de\",\"@id\":\"https:\/\/www.euroakademie.de\/magazin\/#\/schema\/logo\/image\/\",\"url\":\"https:\/\/relaunch.euroakademie.de\/magazin\/wp-content\/uploads\/2024\/11\/Logo_EA_negativ_Rahmen_5cm_300dpi_RGB.jpg\",\"contentUrl\":\"https:\/\/relaunch.euroakademie.de\/magazin\/wp-content\/uploads\/2024\/11\/Logo_EA_negativ_Rahmen_5cm_300dpi_RGB.jpg\",\"width\":591,\"height\":236,\"caption\":\"ESO Education Group\"},\"image\":{\"@id\":\"https:\/\/www.euroakademie.de\/magazin\/#\/schema\/logo\/image\/\"}}]}<\/script>\n<!-- \/ Yoast SEO plugin. -->","yoast_head_json":{"title":"P\u00e4dagogik & Soziales | Das Euro Akademie Magazin","robots":{"index":"index","follow":"follow","max-snippet":"max-snippet:-1","max-image-preview":"max-image-preview:large","max-video-preview":"max-video-preview:-1"},"canonical":"https:\/\/www.euroakademie.de\/magazin\/paedagogik-soziales\/","og_locale":"de_DE","og_type":"article","og_title":"P\u00e4dagogik & Soziales | Das Euro Akademie Magazin","og_url":"https:\/\/www.euroakademie.de\/magazin\/paedagogik-soziales\/","og_site_name":"Das Euro Akademie Magazin","article_modified_time":"2024-09-25T14:10:32+00:00","og_image":[{"url":"https:\/\/relaunch.euroakademie.de\/magazin\/wp-content\/uploads\/2024\/06\/demokratie_kita_182289449-450x215.jpg"}],"twitter_card":"summary_large_image","twitter_misc":{"Gesch\u00e4tzte Lesezeit":"1\u00a0Minute"},"schema":{"@context":"https:\/\/schema.org","@graph":[{"@type":"WebPage","@id":"https:\/\/www.euroakademie.de\/magazin\/paedagogik-soziales\/","url":"https:\/\/www.euroakademie.de\/magazin\/paedagogik-soziales\/","name":"P\u00e4dagogik & Soziales | Das Euro Akademie Magazin","isPartOf":{"@id":"https:\/\/www.euroakademie.de\/magazin\/#website"},"primaryImageOfPage":{"@id":"https:\/\/www.euroakademie.de\/magazin\/paedagogik-soziales\/#primaryimage"},"image":{"@id":"https:\/\/www.euroakademie.de\/magazin\/paedagogik-soziales\/#primaryimage"},"thumbnailUrl":"https:\/\/relaunch.euroakademie.de\/magazin\/wp-content\/uploads\/2024\/06\/demokratie_kita_182289449-450x215.jpg","datePublished":"2014-05-16T12:18:50+00:00","dateModified":"2024-09-25T14:10:32+00:00","breadcrumb":{"@id":"https:\/\/www.euroakademie.de\/magazin\/paedagogik-soziales\/#breadcrumb"},"inLanguage":"de","potentialAction":[{"@type":"ReadAction","target":["https:\/\/www.euroakademie.de\/magazin\/paedagogik-soziales\/"]}]},{"@type":"ImageObject","inLanguage":"de","@id":"https:\/\/www.euroakademie.de\/magazin\/paedagogik-soziales\/#primaryimage","url":"https:\/\/relaunch.euroakademie.de\/magazin\/wp-content\/uploads\/2024\/06\/demokratie_kita_182289449-450x215.jpg","contentUrl":"https:\/\/relaunch.euroakademie.de\/magazin\/wp-content\/uploads\/2024\/06\/demokratie_kita_182289449-450x215.jpg"},{"@type":"BreadcrumbList","@id":"https:\/\/www.euroakademie.de\/magazin\/paedagogik-soziales\/#breadcrumb","itemListElement":[{"@type":"ListItem","position":1,"name":"Startseite","item":"https:\/\/www.euroakademie.de\/magazin\/"},{"@type":"ListItem","position":2,"name":"P\u00e4dagogik &amp; Soziales"}]},{"@type":"WebSite","@id":"https:\/\/www.euroakademie.de\/magazin\/#website","url":"https:\/\/www.euroakademie.de\/magazin\/","name":"Das Euro Akademie Magazin","description":"Gut informiert durch Ausbildung und Studium","publisher":{"@id":"https:\/\/www.euroakademie.de\/magazin\/#organization"},"potentialAction":[{"@type":"SearchAction","target":{"@type":"EntryPoint","urlTemplate":"https:\/\/www.euroakademie.de\/magazin\/?s={search_term_string}"},"query-input":{"@type":"PropertyValueSpecification","valueRequired":true,"valueName":"search_term_string"}}],"inLanguage":"de"},{"@type":"Organization","@id":"https:\/\/www.euroakademie.de\/magazin\/#organization","name":"ESO Education Group","url":"https:\/\/www.euroakademie.de\/magazin\/","logo":{"@type":"ImageObject","inLanguage":"de","@id":"https:\/\/www.euroakademie.de\/magazin\/#\/schema\/logo\/image\/","url":"https:\/\/relaunch.euroakademie.de\/magazin\/wp-content\/uploads\/2024\/11\/Logo_EA_negativ_Rahmen_5cm_300dpi_RGB.jpg","contentUrl":"https:\/\/relaunch.euroakademie.de\/magazin\/wp-content\/uploads\/2024\/11\/Logo_EA_negativ_Rahmen_5cm_300dpi_RGB.jpg","width":591,"height":236,"caption":"ESO Education Group"},"image":{"@id":"https:\/\/www.euroakademie.de\/magazin\/#\/schema\/logo\/image\/"}}]}},"_links":{"self":[{"href":"https:\/\/www.euroakademie.de\/magazin\/wp-json\/wp\/v2\/pages\/2005","targetHints":{"allow":["GET"]}}],"collection":[{"href":"https:\/\/www.euroakademie.de\/magazin\/wp-json\/wp\/v2\/pages"}],"about":[{"href":"https:\/\/www.euroakademie.de\/magazin\/wp-json\/wp\/v2\/types\/page"}],"author":[{"embeddable":true,"href":"https:\/\/www.euroakademie.de\/magazin\/wp-json\/wp\/v2\/users\/1"}],"replies":[{"embeddable":true,"href":"https:\/\/www.euroakademie.de\/magazin\/wp-json\/wp\/v2\/comments?post=2005"}],"version-history":[{"count":9,"href":"https:\/\/www.euroakademie.de\/magazin\/wp-json\/wp\/v2\/pages\/2005\/revisions"}],"predecessor-version":[{"id":20506,"href":"https:\/\/www.euroakademie.de\/magazin\/wp-json\/wp\/v2\/pages\/2005\/revisions\/20506"}],"wp:attachment":[{"href":"https:\/\/www.euroakademie.de\/magazin\/wp-json\/wp\/v2\/media?parent=2005"}],"curies":[{"name":"wp","href":"https:\/\/api.w.org\/{rel}","templated":true}]}}