{"id":4860,"date":"2016-11-16T16:32:31","date_gmt":"2016-11-16T14:32:31","guid":{"rendered":"https:\/\/www.euroakademie.de\/magazin\/?page_id=4860"},"modified":"2024-09-25T16:32:26","modified_gmt":"2024-09-25T14:32:26","slug":"thueringen","status":"publish","type":"page","link":"https:\/\/www.euroakademie.de\/magazin\/standorte\/thueringen\/","title":{"rendered":"News aus Th\u00fcringen"},"content":{"rendered":"\t\t<div data-elementor-type=\"wp-page\" data-elementor-id=\"4860\" class=\"elementor elementor-4860\">\n\t\t\t\t\t\t<section class=\"has-el-gap el-gap-default elementor-section elementor-top-section elementor-element elementor-element-18bc4fd elementor-section-boxed elementor-section-height-default elementor-section-height-default\" data-id=\"18bc4fd\" data-element_type=\"section\">\n\t\t\t\t\t\t<div class=\"elementor-container elementor-column-gap-no\">\n\t\t\t\t\t<div class=\"elementor-column elementor-col-100 elementor-top-column elementor-element elementor-element-395e473\" data-id=\"395e473\" data-element_type=\"column\">\n\t\t\t<div class=\"elementor-widget-wrap elementor-element-populated\">\n\t\t\t\t\t\t<div class=\"elementor-element elementor-element-8b177b9 elementor-widget elementor-widget-smartmag-grid\" data-id=\"8b177b9\" data-element_type=\"widget\" data-widget_type=\"smartmag-grid.default\">\n\t\t\t\t<div class=\"elementor-widget-container\">\n\t\t\t\t\t<section class=\"block-wrap block-grid block-sc\" data-id=\"1\">\n\n\t\t\t\t\n\t\t\t<div class=\"block-content\">\n\t\t\t\t\t\n\t<div class=\"loop loop-grid loop-grid-base grid grid-2 md:grid-2 xs:grid-1\">\n\n\t\t\t\t\t\n<article class=\"l-post grid-post grid-base-post\">\n\n\t\n\t\t\t<div class=\"media\">\n\n\t\t\n\t\t\t<a href=\"https:\/\/www.euroakademie.de\/magazin\/ein-spielzimmer-fuer-ukrainische-fluechtlingskinder\/\" class=\"image-link media-ratio ratio-16-9\" title=\"Ein Spielzimmer f\u00fcr ukrainische Fl\u00fcchtlingskinder\"><img fetchpriority=\"high\" decoding=\"async\" width=\"377\" height=\"212\" src=\"https:\/\/www.euroakademie.de\/magazin\/wp-content\/uploads\/2022\/04\/Titel_spielzimmer-450x216.jpg\" class=\"attachment-bunyad-medium size-bunyad-medium wp-post-image\" alt=\"Die stolzen Mitgestalterinnen im Spielzimmer\" sizes=\"(max-width: 377px) 100vw, 377px\" title=\"Ein Spielzimmer f\u00fcr ukrainische Fl\u00fcchtlingskinder\" srcset=\"https:\/\/www.euroakademie.de\/magazin\/wp-content\/uploads\/2022\/04\/Titel_spielzimmer-450x216.jpg 450w, https:\/\/www.euroakademie.de\/magazin\/wp-content\/uploads\/2022\/04\/Titel_spielzimmer.jpg 701w\" \/><\/a>\t\t\t\n\t\t\t\n\t\t\t\n\t\t\t\t\t\t\t\n\t\t\t\t<span class=\"cat-labels cat-labels-overlay c-overlay p-bot-left\">\n\t\t\t\t<a href=\"https:\/\/www.euroakademie.de\/magazin\/category\/standortnews\/poessneck\/\" class=\"category term-color-160\" rel=\"category\">P\u00f6\u00dfneck<\/a>\n\t\t\t<\/span>\n\t\t\t\t\t\t\n\t\t\t\n\t\t\n\t\t<\/div>\n\t\n\n\t\n\t\t<div class=\"content\">\n\n\t\t\t<div class=\"post-meta post-meta-a has-below\"><h2 class=\"is-title post-title\"><a href=\"https:\/\/www.euroakademie.de\/magazin\/ein-spielzimmer-fuer-ukrainische-fluechtlingskinder\/\">Ein Spielzimmer f\u00fcr ukrainische Fl\u00fcchtlingskinder<\/a><\/h2><div class=\"post-meta-items meta-below\"><span class=\"meta-item post-author\"><span class=\"by\">By<\/span> <a href=\"https:\/\/www.euroakademie.de\/magazin\/author\/redaktion\/\" title=\"Beitr\u00e4ge von Redaktion\" rel=\"author\">Redaktion<\/a><\/span><span class=\"meta-item date\"><span class=\"date-link\"><time class=\"post-date\" datetime=\"2022-04-14T08:08:50+02:00\">14. April 2022<\/time><\/span><\/span><\/div><\/div>\t\t\t\n\t\t\t\t\t\t\n\t\t\t\t<div class=\"excerpt\">\n\t\t\t\t\t<p>\t\t\t\t<![CDATA[Wie k\u00f6nnen wir gefl\u00fcchteten Kindern die Ankunft in Deutschland erleichtern? Die EA P\u00f6\u00dfneck hat schnell gehandelt und ein Spielzimmer eingerichtet.]]>\t\t<\/p>\n\t\t\t\t<\/div>\n\t\t\t\n\t\t\t\n\t\t\t\n\t\t<\/div>\n\n\t\n<\/article>\t\t\t\t\t\n<article class=\"l-post grid-post grid-base-post\">\n\n\t\n\t\t\t<div class=\"media\">\n\n\t\t\n\t\t\t<a href=\"https:\/\/www.euroakademie.de\/magazin\/erzieherinnen-kooperieren-mit-dem-weissen-ring\/\" class=\"image-link media-ratio ratio-16-9\" title=\"Schattenseiten unserer Gesellschaft \u2013 angehende Erzieher*innen kooperieren mit dem WEISSEN RING e.V.\"><img decoding=\"async\" width=\"377\" height=\"212\" src=\"https:\/\/www.euroakademie.de\/magazin\/wp-content\/uploads\/2022\/02\/teddy_titel-450x215.jpg\" class=\"attachment-bunyad-medium size-bunyad-medium wp-post-image\" alt=\"Bild aus der Ausstellung in Kooperation mit dem WEISSEN RING\" sizes=\"(max-width: 377px) 100vw, 377px\" title=\"Schattenseiten unserer Gesellschaft \u2013 angehende Erzieher*innen kooperieren mit dem WEISSEN RING e.V.\" srcset=\"https:\/\/www.euroakademie.de\/magazin\/wp-content\/uploads\/2022\/02\/teddy_titel-450x215.jpg 450w, https:\/\/www.euroakademie.de\/magazin\/wp-content\/uploads\/2022\/02\/teddy_titel.jpg 702w\" \/><\/a>\t\t\t\n\t\t\t\n\t\t\t\n\t\t\t\t\t\t\t\n\t\t\t\t<span class=\"cat-labels cat-labels-overlay c-overlay p-bot-left\">\n\t\t\t\t<a href=\"https:\/\/www.euroakademie.de\/magazin\/category\/standortnews\/poessneck\/\" class=\"category term-color-160\" rel=\"category\">P\u00f6\u00dfneck<\/a>\n\t\t\t<\/span>\n\t\t\t\t\t\t\n\t\t\t\n\t\t\n\t\t<\/div>\n\t\n\n\t\n\t\t<div class=\"content\">\n\n\t\t\t<div class=\"post-meta post-meta-a has-below\"><h2 class=\"is-title post-title\"><a href=\"https:\/\/www.euroakademie.de\/magazin\/erzieherinnen-kooperieren-mit-dem-weissen-ring\/\">Schattenseiten unserer Gesellschaft \u2013 angehende Erzieher*innen kooperieren mit dem WEISSEN RING e.V.<\/a><\/h2><div class=\"post-meta-items meta-below\"><span class=\"meta-item post-author\"><span class=\"by\">By<\/span> <a href=\"https:\/\/www.euroakademie.de\/magazin\/author\/schueler\/\" title=\"Beitr\u00e4ge von Sch\u00fcler*innen der Euro Akademie\" rel=\"author\">Sch\u00fcler*innen der Euro Akademie<\/a><\/span><span class=\"meta-item date\"><span class=\"date-link\"><time class=\"post-date\" datetime=\"2022-02-17T10:39:00+01:00\">17. Februar 2022<\/time><\/span><\/span><\/div><\/div>\t\t\t\n\t\t\t\t\t\t\n\t\t\t\t<div class=\"excerpt\">\n\t\t\t\t\t<p>\t\t\t\t<![CDATA[Die angehenden Erzieher*innen der Euro Akademie P\u00f6\u00dfneck haben in Zusammenarbeit mit dem WEISSEN RING Beitr\u00e4ge f\u00fcr eine Wanderausstellung zu den Themen Cybermobbing, h\u00e4usliche Gewalt, Seniorensicherheit und sexueller Missbrauch erstellt. ]]>\t\t<\/p>\n\t\t\t\t<\/div>\n\t\t\t\n\t\t\t\n\t\t\t\n\t\t<\/div>\n\n\t\n<\/article>\t\t\t\t\t\n<article class=\"l-post grid-post grid-base-post\">\n\n\t\n\t\t\t<div class=\"media\">\n\n\t\t\n\t\t\t<a href=\"https:\/\/www.euroakademie.de\/magazin\/haarspende-weil-das-laecheln-eines-schwerkranken-menschen-so-viel-mehr-wert-ist-als-die-eigene-eitelkeit\/\" class=\"image-link media-ratio ratio-16-9\" title=\"Haarspende: \u201eWeil das L\u00e4cheln eines schwerkranken Menschen so viel mehr wert ist als die eigene Eitelkeit\u201c\"><img decoding=\"async\" width=\"377\" height=\"212\" src=\"https:\/\/www.euroakademie.de\/magazin\/wp-content\/uploads\/2021\/10\/shutterstock_741337249_702x336-450x216.jpg\" class=\"attachment-bunyad-medium size-bunyad-medium wp-post-image\" alt=\"Eine Haarspende hilft\" sizes=\"(max-width: 377px) 100vw, 377px\" title=\"Haarspende: \u201eWeil das L\u00e4cheln eines schwerkranken Menschen so viel mehr wert ist als die eigene Eitelkeit\u201c\" srcset=\"https:\/\/www.euroakademie.de\/magazin\/wp-content\/uploads\/2021\/10\/shutterstock_741337249_702x336-450x216.jpg 450w, https:\/\/www.euroakademie.de\/magazin\/wp-content\/uploads\/2021\/10\/shutterstock_741337249_702x336.jpg 701w\" \/><\/a>\t\t\t\n\t\t\t\n\t\t\t\n\t\t\t\t\t\t\t\n\t\t\t\t<span class=\"cat-labels cat-labels-overlay c-overlay p-bot-left\">\n\t\t\t\t<a href=\"https:\/\/www.euroakademie.de\/magazin\/category\/top-themen\/im-fokus\/\" class=\"category term-color-118\" rel=\"category\">Im Fokus<\/a>\n\t\t\t<\/span>\n\t\t\t\t\t\t\n\t\t\t\n\t\t\n\t\t<\/div>\n\t\n\n\t\n\t\t<div class=\"content\">\n\n\t\t\t<div class=\"post-meta post-meta-a has-below\"><h2 class=\"is-title post-title\"><a href=\"https:\/\/www.euroakademie.de\/magazin\/haarspende-weil-das-laecheln-eines-schwerkranken-menschen-so-viel-mehr-wert-ist-als-die-eigene-eitelkeit\/\">Haarspende: \u201eWeil das L\u00e4cheln eines schwerkranken Menschen so viel mehr wert ist als die eigene Eitelkeit\u201c<\/a><\/h2><div class=\"post-meta-items meta-below\"><span class=\"meta-item post-author\"><span class=\"by\">By<\/span> <a href=\"https:\/\/www.euroakademie.de\/magazin\/author\/hoeflingt\/\" title=\"Beitr\u00e4ge von Tanja H\u00f6fling\" rel=\"author\">Tanja H\u00f6fling<\/a><\/span><span class=\"meta-item date\"><span class=\"date-link\"><time class=\"post-date\" datetime=\"2021-10-11T10:35:51+02:00\">11. Oktober 2021<\/time><\/span><\/span><\/div><\/div>\t\t\t\n\t\t\t\t\t\t\n\t\t\t\t<div class=\"excerpt\">\n\t\t\t\t\t<p>Eine Krebserkrankung ist eine gro\u00dfe Belastung f\u00fcr die Patient*innen. Der Verlust der Haare ein weiterer Schlag. Mitarbeiterinnen der Euro Akademie P\u00f6\u00dfneck wollten helfen &#8211; und spendeten ihre Haare.<\/p>\n\t\t\t\t<\/div>\n\t\t\t\n\t\t\t\n\t\t\t\n\t\t<\/div>\n\n\t\n<\/article>\t\t\t\t\t\n<article class=\"l-post grid-post grid-base-post\">\n\n\t\n\t\t\t<div class=\"media\">\n\n\t\t\n\t\t\t<a href=\"https:\/\/www.euroakademie.de\/magazin\/darum-werde-ich-ergotherapeutin\/\" class=\"image-link media-ratio ratio-16-9\" title=\"Darum werde ich Ergotherapeutin!\"><img loading=\"lazy\" decoding=\"async\" width=\"377\" height=\"212\" src=\"https:\/\/www.euroakademie.de\/magazin\/wp-content\/uploads\/2021\/05\/shutterstock_1521225149_702x336-450x215.jpg\" class=\"attachment-bunyad-medium size-bunyad-medium wp-post-image\" alt=\"Auf dem Weg zur Ergotherapeutin\" sizes=\"(max-width: 377px) 100vw, 377px\" title=\"Darum werde ich Ergotherapeutin!\" srcset=\"https:\/\/www.euroakademie.de\/magazin\/wp-content\/uploads\/2021\/05\/shutterstock_1521225149_702x336-450x215.jpg 450w, https:\/\/www.euroakademie.de\/magazin\/wp-content\/uploads\/2021\/05\/shutterstock_1521225149_702x336.jpg 702w\" \/><\/a>\t\t\t\n\t\t\t\n\t\t\t\n\t\t\t\t\t\t\t\n\t\t\t\t<span class=\"cat-labels cat-labels-overlay c-overlay p-bot-left\">\n\t\t\t\t<a href=\"https:\/\/www.euroakademie.de\/magazin\/category\/fachbereiche\/gesundheit-pflege\/\" class=\"category term-color-16\" rel=\"category\">Gesundheit &amp; Pflege<\/a>\n\t\t\t<\/span>\n\t\t\t\t\t\t\n\t\t\t\n\t\t\n\t\t<\/div>\n\t\n\n\t\n\t\t<div class=\"content\">\n\n\t\t\t<div class=\"post-meta post-meta-a has-below\"><h2 class=\"is-title post-title\"><a href=\"https:\/\/www.euroakademie.de\/magazin\/darum-werde-ich-ergotherapeutin\/\">Darum werde ich Ergotherapeutin!<\/a><\/h2><div class=\"post-meta-items meta-below\"><span class=\"meta-item post-author\"><span class=\"by\">By<\/span> <a href=\"https:\/\/www.euroakademie.de\/magazin\/author\/schueler\/\" title=\"Beitr\u00e4ge von Sch\u00fcler*innen der Euro Akademie\" rel=\"author\">Sch\u00fcler*innen der Euro Akademie<\/a><\/span><span class=\"meta-item date\"><span class=\"date-link\"><time class=\"post-date\" datetime=\"2021-05-11T10:30:31+02:00\">11. Mai 2021<\/time><\/span><\/span><\/div><\/div>\t\t\t\n\t\t\t\t\t\t\n\t\t\t\t<div class=\"excerpt\">\n\t\t\t\t\t<p>\ufeffMaria Lucia Henning ist angehende Ergotherapeutin. Im Rahmen eines Zeitungsprojektes erstellte sie einen Beitrag mit Bild und Text, der einen pers\u00f6nlichen Einblick \u00fcber Herausforderungen, W\u00fcnsche und Hoffnungen der Sch\u00fcler*in zul\u00e4sst.<\/p>\n\t\t\t\t<\/div>\n\t\t\t\n\t\t\t\n\t\t\t\n\t\t<\/div>\n\n\t\n<\/article>\t\t\n\t<\/div>\n\n\t\t\n\t\t\t<\/div>\n\n\t\t<\/section>\n\t\t\t\t<\/div>\n\t\t\t\t<\/div>\n\t\t\t\t\t<\/div>\n\t\t<\/div>\n\t\t\t\t\t<\/div>\n\t\t<\/section>\n\t\t\t\t<\/div>\n\t\t","protected":false},"excerpt":{"rendered":"<p>\t\t\t\t<![CDATA[]]>\t\t<\/p>\n","protected":false},"author":37,"featured_media":0,"parent":2010,"menu_order":0,"comment_status":"closed","ping_status":"closed","template":"page-templates\/blocks.php","meta":{"footnotes":""},"class_list":["post-4860","page","type-page","status-publish"],"yoast_head":"<!-- This site is optimized with the Yoast SEO plugin v23.5 - https:\/\/yoast.com\/wordpress\/plugins\/seo\/ -->\n<title>News aus Th\u00fcringen \u2013 Das Euro Akademie Magazin<\/title>\n<meta name=\"description\" content=\"Lesen Sie aktuelle Beitr\u00e4ge \u00fcber Projekte, Ausfl\u00fcge, Lehrstoffe und besondere Momente im Unterricht von unseren Euro Akademie Standorten in Th\u00fcringen.\" \/>\n<meta name=\"robots\" content=\"index, follow, max-snippet:-1, max-image-preview:large, max-video-preview:-1\" \/>\n<link rel=\"canonical\" href=\"https:\/\/www.euroakademie.de\/magazin\/standorte\/thueringen\/\" \/>\n<meta property=\"og:locale\" content=\"de_DE\" \/>\n<meta property=\"og:type\" content=\"article\" \/>\n<meta property=\"og:title\" content=\"News aus Th\u00fcringen \u2013 Das Euro Akademie Magazin\" \/>\n<meta property=\"og:description\" content=\"Lesen Sie aktuelle Beitr\u00e4ge \u00fcber Projekte, Ausfl\u00fcge, Lehrstoffe und besondere Momente im Unterricht von unseren Euro Akademie Standorten in Th\u00fcringen.\" \/>\n<meta property=\"og:url\" content=\"https:\/\/www.euroakademie.de\/magazin\/standorte\/thueringen\/\" \/>\n<meta property=\"og:site_name\" content=\"Das Euro Akademie Magazin\" \/>\n<meta property=\"article:modified_time\" content=\"2024-09-25T14:32:26+00:00\" \/>\n<meta property=\"og:image\" content=\"https:\/\/relaunch.euroakademie.de\/magazin\/wp-content\/uploads\/2022\/04\/Titel_spielzimmer-450x216.jpg\" \/>\n<meta name=\"twitter:card\" content=\"summary_large_image\" \/>\n<script type=\"application\/ld+json\" class=\"yoast-schema-graph\">{\"@context\":\"https:\/\/schema.org\",\"@graph\":[{\"@type\":\"WebPage\",\"@id\":\"https:\/\/www.euroakademie.de\/magazin\/standorte\/thueringen\/\",\"url\":\"https:\/\/www.euroakademie.de\/magazin\/standorte\/thueringen\/\",\"name\":\"News aus Th\u00fcringen \u2013 Das Euro Akademie Magazin\",\"isPartOf\":{\"@id\":\"https:\/\/www.euroakademie.de\/magazin\/#website\"},\"primaryImageOfPage\":{\"@id\":\"https:\/\/www.euroakademie.de\/magazin\/standorte\/thueringen\/#primaryimage\"},\"image\":{\"@id\":\"https:\/\/www.euroakademie.de\/magazin\/standorte\/thueringen\/#primaryimage\"},\"thumbnailUrl\":\"https:\/\/relaunch.euroakademie.de\/magazin\/wp-content\/uploads\/2022\/04\/Titel_spielzimmer-450x216.jpg\",\"datePublished\":\"2016-11-16T14:32:31+00:00\",\"dateModified\":\"2024-09-25T14:32:26+00:00\",\"description\":\"Lesen Sie aktuelle Beitr\u00e4ge \u00fcber Projekte, Ausfl\u00fcge, Lehrstoffe und besondere Momente im Unterricht von unseren Euro Akademie Standorten in Th\u00fcringen.\",\"breadcrumb\":{\"@id\":\"https:\/\/www.euroakademie.de\/magazin\/standorte\/thueringen\/#breadcrumb\"},\"inLanguage\":\"de\",\"potentialAction\":[{\"@type\":\"ReadAction\",\"target\":[\"https:\/\/www.euroakademie.de\/magazin\/standorte\/thueringen\/\"]}]},{\"@type\":\"ImageObject\",\"inLanguage\":\"de\",\"@id\":\"https:\/\/www.euroakademie.de\/magazin\/standorte\/thueringen\/#primaryimage\",\"url\":\"https:\/\/relaunch.euroakademie.de\/magazin\/wp-content\/uploads\/2022\/04\/Titel_spielzimmer-450x216.jpg\",\"contentUrl\":\"https:\/\/relaunch.euroakademie.de\/magazin\/wp-content\/uploads\/2022\/04\/Titel_spielzimmer-450x216.jpg\"},{\"@type\":\"BreadcrumbList\",\"@id\":\"https:\/\/www.euroakademie.de\/magazin\/standorte\/thueringen\/#breadcrumb\",\"itemListElement\":[{\"@type\":\"ListItem\",\"position\":1,\"name\":\"Startseite\",\"item\":\"https:\/\/www.euroakademie.de\/magazin\/\"},{\"@type\":\"ListItem\",\"position\":2,\"name\":\"Standortnews\",\"item\":\"https:\/\/www.euroakademie.de\/magazin\/standorte\/\"},{\"@type\":\"ListItem\",\"position\":3,\"name\":\"News aus Th\u00fcringen\"}]},{\"@type\":\"WebSite\",\"@id\":\"https:\/\/www.euroakademie.de\/magazin\/#website\",\"url\":\"https:\/\/www.euroakademie.de\/magazin\/\",\"name\":\"Das Euro Akademie Magazin\",\"description\":\"Gut informiert durch Ausbildung und Studium\",\"publisher\":{\"@id\":\"https:\/\/www.euroakademie.de\/magazin\/#organization\"},\"potentialAction\":[{\"@type\":\"SearchAction\",\"target\":{\"@type\":\"EntryPoint\",\"urlTemplate\":\"https:\/\/www.euroakademie.de\/magazin\/?s={search_term_string}\"},\"query-input\":{\"@type\":\"PropertyValueSpecification\",\"valueRequired\":true,\"valueName\":\"search_term_string\"}}],\"inLanguage\":\"de\"},{\"@type\":\"Organization\",\"@id\":\"https:\/\/www.euroakademie.de\/magazin\/#organization\",\"name\":\"ESO Education Group\",\"url\":\"https:\/\/www.euroakademie.de\/magazin\/\",\"logo\":{\"@type\":\"ImageObject\",\"inLanguage\":\"de\",\"@id\":\"https:\/\/www.euroakademie.de\/magazin\/#\/schema\/logo\/image\/\",\"url\":\"https:\/\/relaunch.euroakademie.de\/magazin\/wp-content\/uploads\/2024\/11\/Logo_EA_negativ_Rahmen_5cm_300dpi_RGB.jpg\",\"contentUrl\":\"https:\/\/relaunch.euroakademie.de\/magazin\/wp-content\/uploads\/2024\/11\/Logo_EA_negativ_Rahmen_5cm_300dpi_RGB.jpg\",\"width\":591,\"height\":236,\"caption\":\"ESO Education Group\"},\"image\":{\"@id\":\"https:\/\/www.euroakademie.de\/magazin\/#\/schema\/logo\/image\/\"}}]}<\/script>\n<!-- \/ Yoast SEO plugin. -->","yoast_head_json":{"title":"News aus Th\u00fcringen \u2013 Das Euro Akademie Magazin","description":"Lesen Sie aktuelle Beitr\u00e4ge \u00fcber Projekte, Ausfl\u00fcge, Lehrstoffe und besondere Momente im Unterricht von unseren Euro Akademie Standorten in Th\u00fcringen.","robots":{"index":"index","follow":"follow","max-snippet":"max-snippet:-1","max-image-preview":"max-image-preview:large","max-video-preview":"max-video-preview:-1"},"canonical":"https:\/\/www.euroakademie.de\/magazin\/standorte\/thueringen\/","og_locale":"de_DE","og_type":"article","og_title":"News aus Th\u00fcringen \u2013 Das Euro Akademie Magazin","og_description":"Lesen Sie aktuelle Beitr\u00e4ge \u00fcber Projekte, Ausfl\u00fcge, Lehrstoffe und besondere Momente im Unterricht von unseren Euro Akademie Standorten in Th\u00fcringen.","og_url":"https:\/\/www.euroakademie.de\/magazin\/standorte\/thueringen\/","og_site_name":"Das Euro Akademie Magazin","article_modified_time":"2024-09-25T14:32:26+00:00","og_image":[{"url":"https:\/\/relaunch.euroakademie.de\/magazin\/wp-content\/uploads\/2022\/04\/Titel_spielzimmer-450x216.jpg"}],"twitter_card":"summary_large_image","schema":{"@context":"https:\/\/schema.org","@graph":[{"@type":"WebPage","@id":"https:\/\/www.euroakademie.de\/magazin\/standorte\/thueringen\/","url":"https:\/\/www.euroakademie.de\/magazin\/standorte\/thueringen\/","name":"News aus Th\u00fcringen \u2013 Das Euro Akademie Magazin","isPartOf":{"@id":"https:\/\/www.euroakademie.de\/magazin\/#website"},"primaryImageOfPage":{"@id":"https:\/\/www.euroakademie.de\/magazin\/standorte\/thueringen\/#primaryimage"},"image":{"@id":"https:\/\/www.euroakademie.de\/magazin\/standorte\/thueringen\/#primaryimage"},"thumbnailUrl":"https:\/\/relaunch.euroakademie.de\/magazin\/wp-content\/uploads\/2022\/04\/Titel_spielzimmer-450x216.jpg","datePublished":"2016-11-16T14:32:31+00:00","dateModified":"2024-09-25T14:32:26+00:00","description":"Lesen Sie aktuelle Beitr\u00e4ge \u00fcber Projekte, Ausfl\u00fcge, Lehrstoffe und besondere Momente im Unterricht von unseren Euro Akademie Standorten in Th\u00fcringen.","breadcrumb":{"@id":"https:\/\/www.euroakademie.de\/magazin\/standorte\/thueringen\/#breadcrumb"},"inLanguage":"de","potentialAction":[{"@type":"ReadAction","target":["https:\/\/www.euroakademie.de\/magazin\/standorte\/thueringen\/"]}]},{"@type":"ImageObject","inLanguage":"de","@id":"https:\/\/www.euroakademie.de\/magazin\/standorte\/thueringen\/#primaryimage","url":"https:\/\/relaunch.euroakademie.de\/magazin\/wp-content\/uploads\/2022\/04\/Titel_spielzimmer-450x216.jpg","contentUrl":"https:\/\/relaunch.euroakademie.de\/magazin\/wp-content\/uploads\/2022\/04\/Titel_spielzimmer-450x216.jpg"},{"@type":"BreadcrumbList","@id":"https:\/\/www.euroakademie.de\/magazin\/standorte\/thueringen\/#breadcrumb","itemListElement":[{"@type":"ListItem","position":1,"name":"Startseite","item":"https:\/\/www.euroakademie.de\/magazin\/"},{"@type":"ListItem","position":2,"name":"Standortnews","item":"https:\/\/www.euroakademie.de\/magazin\/standorte\/"},{"@type":"ListItem","position":3,"name":"News aus Th\u00fcringen"}]},{"@type":"WebSite","@id":"https:\/\/www.euroakademie.de\/magazin\/#website","url":"https:\/\/www.euroakademie.de\/magazin\/","name":"Das Euro Akademie Magazin","description":"Gut informiert durch Ausbildung und Studium","publisher":{"@id":"https:\/\/www.euroakademie.de\/magazin\/#organization"},"potentialAction":[{"@type":"SearchAction","target":{"@type":"EntryPoint","urlTemplate":"https:\/\/www.euroakademie.de\/magazin\/?s={search_term_string}"},"query-input":{"@type":"PropertyValueSpecification","valueRequired":true,"valueName":"search_term_string"}}],"inLanguage":"de"},{"@type":"Organization","@id":"https:\/\/www.euroakademie.de\/magazin\/#organization","name":"ESO Education Group","url":"https:\/\/www.euroakademie.de\/magazin\/","logo":{"@type":"ImageObject","inLanguage":"de","@id":"https:\/\/www.euroakademie.de\/magazin\/#\/schema\/logo\/image\/","url":"https:\/\/relaunch.euroakademie.de\/magazin\/wp-content\/uploads\/2024\/11\/Logo_EA_negativ_Rahmen_5cm_300dpi_RGB.jpg","contentUrl":"https:\/\/relaunch.euroakademie.de\/magazin\/wp-content\/uploads\/2024\/11\/Logo_EA_negativ_Rahmen_5cm_300dpi_RGB.jpg","width":591,"height":236,"caption":"ESO Education Group"},"image":{"@id":"https:\/\/www.euroakademie.de\/magazin\/#\/schema\/logo\/image\/"}}]}},"_links":{"self":[{"href":"https:\/\/www.euroakademie.de\/magazin\/wp-json\/wp\/v2\/pages\/4860","targetHints":{"allow":["GET"]}}],"collection":[{"href":"https:\/\/www.euroakademie.de\/magazin\/wp-json\/wp\/v2\/pages"}],"about":[{"href":"https:\/\/www.euroakademie.de\/magazin\/wp-json\/wp\/v2\/types\/page"}],"author":[{"embeddable":true,"href":"https:\/\/www.euroakademie.de\/magazin\/wp-json\/wp\/v2\/users\/37"}],"replies":[{"embeddable":true,"href":"https:\/\/www.euroakademie.de\/magazin\/wp-json\/wp\/v2\/comments?post=4860"}],"version-history":[{"count":13,"href":"https:\/\/www.euroakademie.de\/magazin\/wp-json\/wp\/v2\/pages\/4860\/revisions"}],"predecessor-version":[{"id":20662,"href":"https:\/\/www.euroakademie.de\/magazin\/wp-json\/wp\/v2\/pages\/4860\/revisions\/20662"}],"up":[{"embeddable":true,"href":"https:\/\/www.euroakademie.de\/magazin\/wp-json\/wp\/v2\/pages\/2010"}],"wp:attachment":[{"href":"https:\/\/www.euroakademie.de\/magazin\/wp-json\/wp\/v2\/media?parent=4860"}],"curies":[{"name":"wp","href":"https:\/\/api.w.org\/{rel}","templated":true}]}}